{"id":4968,"date":"2018-04-23T08:07:46","date_gmt":"2018-04-23T07:07:46","guid":{"rendered":"http:\/\/razemdlabialoleki.waw.pl\/?page_id=4968"},"modified":"2023-12-31T20:50:00","modified_gmt":"2023-12-31T19:50:00","slug":"koszykowka","status":"publish","type":"page","link":"http:\/\/razemdlabialoleki.waw.pl\/?page_id=4968","title":{"rendered":"Koszyk\u00f3wka"},"content":{"rendered":"\n<h2 class=\"wp-block-heading has-text-align-center\"><strong>Otwarty Bia\u0142o\u0142\u0119cki Turniej Koszyk\u00f3wki<\/strong><\/h2>\n\n\n\n<p>I<a href=\"https:\/\/razemdlabialoleki.waw.pl\/?p=7563\">II Otwarty Bia\u0142o\u0142\u0119cki Turniej Koszyk\u00f3wki Amatorskich Dru\u017cyn Mieszanych 18+<\/a> odby\u0142 si\u0119 pod has\u0142em: Zagraj z nami, nie daj si\u0119 cukrzycy!\u00a0\u00a0<span style=\"font-size: 10.5pt; font-family: 'Verdana',sans-serif; color: #505050;\">\u00a0<\/span><\/p>\n\n\n\n<figure class=\"wp-block-image aligncenter\"><img loading=\"lazy\" decoding=\"async\" width=\"600\" height=\"449\" src=\"http:\/\/razemdlabialoleki.waw.pl\/wp-content\/uploads\/2020\/08\/kosz_03.png\" alt=\"\" class=\"wp-image-11251\" srcset=\"http:\/\/razemdlabialoleki.waw.pl\/wp-content\/uploads\/2020\/08\/kosz_03.png 600w, http:\/\/razemdlabialoleki.waw.pl\/wp-content\/uploads\/2020\/08\/kosz_03-300x225.png 300w\" sizes=\"auto, (max-width: 600px) 100vw, 600px\" \/><\/figure>\n\n\n\n<p><br>I turniej: 2017: <a data-saferedirecturl=\"https:\/\/www.google.com\/url?q=http:\/\/razemdlabialoleki.waw.pl\/?p%3D1956&amp;source=gmail&amp;ust=1597171315654000&amp;usg=AFQjCNG6cHEjtGOm-gTcXKzn3NK5Le4U0Q\" href=\"http:\/\/razemdlabialoleki.waw.pl\/?p=1956\" target=\"_blank\" rel=\"noopener noreferrer\">http:\/\/razemdlabialoleki.waw.pl\/?p=1956<\/a><br>II turniej 2018: <a data-saferedirecturl=\"https:\/\/www.google.com\/url?q=http:\/\/razemdlabialoleki.waw.pl\/?p%3D5215&amp;source=gmail&amp;ust=1597171315654000&amp;usg=AFQjCNGEDUoIjnSREWo3QoA185B3T5fuEA\" href=\"http:\/\/razemdlabialoleki.waw.pl\/?p=5215\" target=\"_blank\" rel=\"noopener noreferrer\">http:\/\/razemdlabialoleki.waw.pl\/?p=5215<\/a><br>III turniej 2019: <a data-saferedirecturl=\"https:\/\/www.google.com\/url?q=http:\/\/razemdlabialoleki.waw.pl\/?p%3D7563&amp;source=gmail&amp;ust=1597171315654000&amp;usg=AFQjCNFEfaV4FB8htvO8zuTjQSjjx-JR8Q\" href=\"http:\/\/razemdlabialoleki.waw.pl\/?p=7563\" target=\"_blank\" rel=\"noopener noreferrer\">http:\/\/razemdlabialoleki.waw.pl\/?p=7563<\/a><\/p>\n\n\n\n<figure class=\"wp-block-image aligncenter\"><img loading=\"lazy\" decoding=\"async\" width=\"3508\" height=\"4961\" src=\"http:\/\/razemdlabialoleki.waw.pl\/wp-content\/uploads\/2019\/03\/plaka_wersja_ostateczna_21.jpg\" alt=\"\" class=\"wp-image-7552\" srcset=\"http:\/\/razemdlabialoleki.waw.pl\/wp-content\/uploads\/2019\/03\/plaka_wersja_ostateczna_21.jpg 3508w, http:\/\/razemdlabialoleki.waw.pl\/wp-content\/uploads\/2019\/03\/plaka_wersja_ostateczna_21-212x300.jpg 212w, http:\/\/razemdlabialoleki.waw.pl\/wp-content\/uploads\/2019\/03\/plaka_wersja_ostateczna_21-768x1086.jpg 768w, http:\/\/razemdlabialoleki.waw.pl\/wp-content\/uploads\/2019\/03\/plaka_wersja_ostateczna_21-724x1024.jpg 724w, http:\/\/razemdlabialoleki.waw.pl\/wp-content\/uploads\/2019\/03\/plaka_wersja_ostateczna_21-78x110.jpg 78w, http:\/\/razemdlabialoleki.waw.pl\/wp-content\/uploads\/2019\/03\/plaka_wersja_ostateczna_21-297x420.jpg 297w, http:\/\/razemdlabialoleki.waw.pl\/wp-content\/uploads\/2019\/03\/plaka_wersja_ostateczna_21-304x430.jpg 304w\" sizes=\"auto, (max-width: 3508px) 100vw, 3508px\" \/><\/figure>\n\n\n\n<p>Celem turnieju by\u0142a popularyzacja koszyk\u00f3wki amatorskiej, integracja spo\u0142eczno\u015bci pasjonat\u00f3w koszyk\u00f3wki.<\/p>\n\n\n\n<p>O tym, \u017ce aktywno\u015b\u0107 fizyczna jest wa\u017cnym czynnikiem w profilaktyce cukrzycy us\u0142yszeli\u015bmy podczas dw\u00f3ch konferencji<em> Z cukrzyc\u0105 na Ty, nie daj si\u0119!&nbsp; <\/em>(2016 i 2017 rok). Chcemy, by nasz turniej by\u0142 impulsem do zaktywowania mieszka\u0144c\u00f3w, dlatego te\u017c nieustannie od 3 lat turniejowi towarzyszy akcja spo\u0142eczna <em>Zagraj z nami, nie daj si\u0119 cukrzycy!&nbsp; <\/em><\/p>\n\n\n\n<p>Ambasadorem turnieju by\u0142a Pani Katarzyna Dulnik, by\u0142a reprezentantka Polski w koszyk\u00f3wce kobiet, Mistrzyni Europy z 1999 roku. Serdecznie zapraszamy ca\u0142e rodziny do wsp\u00f3lnej zabawy, gdy\u017c przewidujemy zaj\u0119cia dla dzieci z naszym specjalnym go\u015bciem.<\/p>\n\n\n\n<p>Dzi\u0119ki Fundacji dla Dzieci z Cukrzyc\u0105 b\u0119dzie mo\u017cliwo\u015b\u0107 pomiaru poziomu cukru we krwi, jak r\u00f3wnie\u017c rozmowy z piel\u0119gniark\u0105. Dodatkowo fundacja zadba o najm\u0142odszych, organizuj\u0105c gry i zabawy w zakresie profilaktyki zdrowia.<\/p>\n\n\n\n<p>Turniej zosta\u0142 obj\u0119ty patronatem Burmistrza Dzielnicy Bia\u0142o\u0142\u0119ka Pana Grzegorza Kucy oraz Fundacji Micha\u0142a Jeli\u0144skiego ACTIVEdiabet.<\/p>\n\n\n\n<p><span class=\"_5yl5\">G\u0142\u00f3wnymi Partnerami naszego turnieju s\u0105: Fundacja dla Dzieci z Cukrzyc\u0105 oraz Bia\u0142o\u0142\u0119cki O\u015brodek Sportu<\/span>.<\/p>\n\n\n\n<p><span class=\"_5yl5\">Dzi\u0119ki wsparciu Centrum Medycznego Bia\u0142o\u0142\u0119ka nad naszym bezpiecze\u0144stwem czuwali ratownicy medyczni.<\/span><\/p>\n\n\n\n<p>Impreza nie mog\u0142aby si\u0119 odby\u0107 gdyby nie wsparcie sponsor\u00f3w, kt\u00f3rzy hojnie wspomagaj\u0105 nas w organizacji. Smurfit Kappa zapewnia s\u0119dzi\u00f3w, kt\u00f3rzy b\u0119d\u0105 dbali o przestrzeganie zasad i bezpiecze\u0144stwo podczas turnieju. Firma Skoda Auto Wimar zapewni\u0142a miejsce, gdzie odbywa si\u0119 turniej. \u00a0W trakcie turnieju ka\u017cdy z uczestnik\u00f3w otrzyma\u0142 wod\u0119 i owoce oraz przek\u0105ski, kt\u00f3re zapewni\u0142a sie\u0107 sklep\u00f3w DH Tarchomin i Bakoma.\u00a0 Na uczestnik\u00f3w turnieju czeka\u0142y nagrody od Wydzia\u0142u Sportu Dzielnicy Bia\u0142o\u0142\u0119ka i upominki od Hulakula i Fundacji Kasi Dulnik. Firma CISAN Artyku\u0142y Hydrauliczne Instalacyjno \u2013 Sanitarne wykona\u0142a zdj\u0119cia i filmik. Studio reklamy ROGRAF opracowa\u0142o projekt plakatu, baneru i dyplom\u00f3w. Dzi\u0119kujemy cz\u0142onkom Grupy spo\u0142eczno\u015bciowej Basket Tarchomin za wsparcie w organizacji turnieju.<\/p>\n\n\n\n<p>Patronami medialnymi imprezy s\u0105: iBia\u0142o\u0142\u0119ka.pl, Bia\u0142o\u0142\u0119ka \u2013 platforma s\u0105siedzka, Zielona Bia\u0142o\u0142\u0119ka \u2013 platforma s\u0105siedzka, Mieszkaniec.pl, Informator Dzielnicy Bia\u0142o\u0142\u0119ka oraz wio.waw.pl<\/p>\n\n\n\n<p>Prosimy o zapoznanie si\u0119 z&nbsp;<a href=\"http:\/\/razemdlabialoleki.waw.pl\/wp-content\/uploads\/2019\/03\/Regulamin-turnieju-koszyk\u00f3wki-2019.pdf\"><strong>Regulaminem Turnieju<\/strong><\/a>, kt\u00f3ry zawiera szczeg\u00f3\u0142owe informacje, m. in. jakie warunki, formalno\u015bci nale\u017cy wype\u0142ni\u0107, by uczestniczy\u0107 w turnieju.<\/p>\n\n\n\n<p>&nbsp;Zg\u0142oszenia, zawieraj\u0105ce:<\/p>\n\n\n\n<p>\u2013 nazw\u0119 zespo\u0142u,<\/p>\n\n\n\n<p>\u2013 list\u0119 cz\u0142onk\u00f3w zespo\u0142u (imiona, nazwiska, rok urodzenia) z oznaczeniem kapitana zespo\u0142u dokonuj\u0105cego zg\u0142oszenia (<a href=\"http:\/\/razemdlabialoleki.waw.pl\/wp-content\/uploads\/2019\/03\/Za\u0142\u0105cznik_1.pdf\"><strong>za\u0142\u0105cznik nr 1<\/strong><\/a>),<\/p>\n\n\n\n<p>&#8211; trzy podpisane o\u015bwiadczenia: Zgoda na przetwarzanie danych osobowych, O\u015bwiadczenie zawodnika o stanie zdrowia oraz O\u015bwiadczenie zawodnika o akceptacji warunk\u00f3w Regulaminu Turnieju (<a href=\"http:\/\/razemdlabialoleki.waw.pl\/wp-content\/uploads\/2019\/03\/Za\u0142\u0105cznik_2.pdf\"><strong>Za\u0142\u0105cznik<\/strong><strong> nr 2<\/strong><\/a>),<\/p>\n\n\n\n<p>\u2013 potwierdzenie wp\u0142aty wpisowego na konto Stowarzyszenia Razem dla Bia\u0142o\u0142\u0119ki ul. Ksi\u0105\u017ckowa 9e\/324, 03-134 Warszawa,&nbsp; nr&nbsp; 69 1020 1042 0000 8902 0342 0866 , tytu\u0142em: wpisowe \u2013 na pokrycie koszt\u00f3w turnieju koszyk\u00f3wki w dniu 30 marca 2019 r, nazwa dru\u017cyny)<\/p>\n\n\n\n<p>\u2013 informacj\u0119 o kolorze koszulek (z numerami wi\u0119kszymi pocz\u0105wszy od nr 4, na przodzie i tyle koszulki) ustalonym z Organizatorami, b\u0119d\u0105 przyjmowane: drog\u0105 mailow\u0105 na adres: turniej@razemdlabialoleki.waw.pl,&nbsp;<strong>od dnia 12 marca 2019 r. do 25 marca 2019 r. do godziny 23.59.<\/strong><\/p>\n\n\n\n<p>Przypominamy, \u017ce wchodz\u0105cych sal\u0119 sportow\u0105 obowi\u0105zuje ka\u017cdego obuwie sportowe. Serdecznie zapraszamy.<\/p>\n\n\n\n<p>Koordynatorzy turnieju:<\/p>\n\n\n\n<p>Izabella Adamczewska tel.: 602 476 323,<\/p>\n\n\n\n<p>Ewa Gajewska tel.: 600 933&nbsp;221<\/p>\n","protected":false},"excerpt":{"rendered":"<p>Otwarty Bia\u0142o\u0142\u0119cki Turniej Koszyk\u00f3wki III Otwarty Bia\u0142o\u0142\u0119cki Turniej Koszyk\u00f3wki Amatorskich Dru\u017cyn Mieszanych 18+ odby\u0142 si\u0119 pod has\u0142em: Zagraj z nami, nie daj si\u0119 cukrzycy!\u00a0\u00a0\u00a0 I turniej: 2017: http:\/\/razemdlabialoleki.waw.pl\/?p=1956II turniej 2018: http:\/\/razemdlabialoleki.waw.pl\/?p=5215III turniej 2019: http:\/\/razemdlabialoleki.waw.pl\/?p=7563 Celem turnieju by\u0142a popularyzacja koszyk\u00f3wki amatorskiej, integracja spo\u0142eczno\u015bci pasjonat\u00f3w koszyk\u00f3wki. O tym, \u017ce aktywno\u015b\u0107 fizyczna jest wa\u017cnym czynnikiem w profilaktyce cukrzycy [&hellip;]<\/p>\n","protected":false},"author":1,"featured_media":0,"parent":0,"menu_order":0,"comment_status":"closed","ping_status":"closed","template":"","meta":{"ngg_post_thumbnail":0,"footnotes":""},"class_list":["post-4968","page","type-page","status-publish","hentry"],"_links":{"self":[{"href":"http:\/\/razemdlabialoleki.waw.pl\/index.php?rest_route=\/wp\/v2\/pages\/4968","targetHints":{"allow":["GET"]}}],"collection":[{"href":"http:\/\/razemdlabialoleki.waw.pl\/index.php?rest_route=\/wp\/v2\/pages"}],"about":[{"href":"http:\/\/razemdlabialoleki.waw.pl\/index.php?rest_route=\/wp\/v2\/types\/page"}],"author":[{"embeddable":true,"href":"http:\/\/razemdlabialoleki.waw.pl\/index.php?rest_route=\/wp\/v2\/users\/1"}],"replies":[{"embeddable":true,"href":"http:\/\/razemdlabialoleki.waw.pl\/index.php?rest_route=%2Fwp%2Fv2%2Fcomments&post=4968"}],"version-history":[{"count":25,"href":"http:\/\/razemdlabialoleki.waw.pl\/index.php?rest_route=\/wp\/v2\/pages\/4968\/revisions"}],"predecessor-version":[{"id":20320,"href":"http:\/\/razemdlabialoleki.waw.pl\/index.php?rest_route=\/wp\/v2\/pages\/4968\/revisions\/20320"}],"wp:attachment":[{"href":"http:\/\/razemdlabialoleki.waw.pl\/index.php?rest_route=%2Fwp%2Fv2%2Fmedia&parent=4968"}],"curies":[{"name":"wp","href":"https:\/\/api.w.org\/{rel}","templated":true}]}}