{"id":11236,"date":"2020-08-10T09:46:44","date_gmt":"2020-08-10T08:46:44","guid":{"rendered":"http:\/\/razemdlabialoleki.waw.pl\/?page_id=11236"},"modified":"2025-12-23T14:12:56","modified_gmt":"2025-12-23T13:12:56","slug":"infografiki","status":"publish","type":"page","link":"http:\/\/razemdlabialoleki.waw.pl\/?page_id=11236","title":{"rendered":"Poznaj Bia\u0142o\u0142\u0119k\u0119"},"content":{"rendered":"\n<p>Bia\u0142o\u0142\u0119ka to jedna z najwi\u0119kszych dzielnic Warszawy. Prezentujemy informacje i dane o naszej dzielnicy:<\/p>\n\n\n\n<p><\/p>\n\n\n\n<h2 class=\"wp-block-heading\">Komunikacja i infrastruktura na Bia\u0142o\u0142\u0119ce<\/h2>\n\n\n\n<figure class=\"wp-block-image size-large\"><img loading=\"lazy\" decoding=\"async\" width=\"1024\" height=\"832\" src=\"https:\/\/razemdlabialoleki.waw.pl\/wp-content\/uploads\/2025\/12\/komunikacja_2023-1024x832.png\" alt=\"\" class=\"wp-image-23273\" srcset=\"http:\/\/razemdlabialoleki.waw.pl\/wp-content\/uploads\/2025\/12\/komunikacja_2023-1024x832.png 1024w, http:\/\/razemdlabialoleki.waw.pl\/wp-content\/uploads\/2025\/12\/komunikacja_2023-300x244.png 300w, http:\/\/razemdlabialoleki.waw.pl\/wp-content\/uploads\/2025\/12\/komunikacja_2023-768x624.png 768w, http:\/\/razemdlabialoleki.waw.pl\/wp-content\/uploads\/2025\/12\/komunikacja_2023-1536x1248.png 1536w, http:\/\/razemdlabialoleki.waw.pl\/wp-content\/uploads\/2025\/12\/komunikacja_2023.png 1600w\" sizes=\"auto, (max-width: 1024px) 100vw, 1024px\" \/><\/figure>\n\n\n\n<figure class=\"wp-block-image size-large\"><img loading=\"lazy\" decoding=\"async\" width=\"1024\" height=\"832\" src=\"https:\/\/razemdlabialoleki.waw.pl\/wp-content\/uploads\/2025\/12\/szyny_2023-1024x832.png\" alt=\"\" class=\"wp-image-23276\" srcset=\"http:\/\/razemdlabialoleki.waw.pl\/wp-content\/uploads\/2025\/12\/szyny_2023-1024x832.png 1024w, http:\/\/razemdlabialoleki.waw.pl\/wp-content\/uploads\/2025\/12\/szyny_2023-300x244.png 300w, http:\/\/razemdlabialoleki.waw.pl\/wp-content\/uploads\/2025\/12\/szyny_2023-768x624.png 768w, http:\/\/razemdlabialoleki.waw.pl\/wp-content\/uploads\/2025\/12\/szyny_2023-1536x1248.png 1536w, http:\/\/razemdlabialoleki.waw.pl\/wp-content\/uploads\/2025\/12\/szyny_2023.png 1600w\" sizes=\"auto, (max-width: 1024px) 100vw, 1024px\" \/><\/figure>\n\n\n\n<figure class=\"wp-block-image size-large\"><img loading=\"lazy\" decoding=\"async\" width=\"1024\" height=\"736\" src=\"https:\/\/razemdlabialoleki.waw.pl\/wp-content\/uploads\/2025\/12\/sciezki_veturilo_aktualizacja_2025-1024x736.png\" alt=\"\" class=\"wp-image-23350\" srcset=\"http:\/\/razemdlabialoleki.waw.pl\/wp-content\/uploads\/2025\/12\/sciezki_veturilo_aktualizacja_2025-1024x736.png 1024w, http:\/\/razemdlabialoleki.waw.pl\/wp-content\/uploads\/2025\/12\/sciezki_veturilo_aktualizacja_2025-300x216.png 300w, http:\/\/razemdlabialoleki.waw.pl\/wp-content\/uploads\/2025\/12\/sciezki_veturilo_aktualizacja_2025-768x552.png 768w, http:\/\/razemdlabialoleki.waw.pl\/wp-content\/uploads\/2025\/12\/sciezki_veturilo_aktualizacja_2025.png 1200w\" sizes=\"auto, (max-width: 1024px) 100vw, 1024px\" \/><\/figure>\n\n\n\n<figure class=\"wp-block-image size-large\"><img loading=\"lazy\" decoding=\"async\" width=\"1024\" height=\"832\" src=\"https:\/\/razemdlabialoleki.waw.pl\/wp-content\/uploads\/2025\/12\/kanalizacja_2023-1024x832.png\" alt=\"\" class=\"wp-image-23272\" srcset=\"http:\/\/razemdlabialoleki.waw.pl\/wp-content\/uploads\/2025\/12\/kanalizacja_2023-1024x832.png 1024w, http:\/\/razemdlabialoleki.waw.pl\/wp-content\/uploads\/2025\/12\/kanalizacja_2023-300x244.png 300w, http:\/\/razemdlabialoleki.waw.pl\/wp-content\/uploads\/2025\/12\/kanalizacja_2023-768x624.png 768w, http:\/\/razemdlabialoleki.waw.pl\/wp-content\/uploads\/2025\/12\/kanalizacja_2023-1536x1248.png 1536w, http:\/\/razemdlabialoleki.waw.pl\/wp-content\/uploads\/2025\/12\/kanalizacja_2023.png 1600w\" sizes=\"auto, (max-width: 1024px) 100vw, 1024px\" \/><\/figure>\n\n\n\n<figure class=\"wp-block-image size-large\"><img loading=\"lazy\" decoding=\"async\" width=\"1024\" height=\"832\" src=\"https:\/\/razemdlabialoleki.waw.pl\/wp-content\/uploads\/2025\/12\/wodociag_2023-1024x832.png\" alt=\"\" class=\"wp-image-23275\" srcset=\"http:\/\/razemdlabialoleki.waw.pl\/wp-content\/uploads\/2025\/12\/wodociag_2023-1024x832.png 1024w, http:\/\/razemdlabialoleki.waw.pl\/wp-content\/uploads\/2025\/12\/wodociag_2023-300x244.png 300w, http:\/\/razemdlabialoleki.waw.pl\/wp-content\/uploads\/2025\/12\/wodociag_2023-768x624.png 768w, http:\/\/razemdlabialoleki.waw.pl\/wp-content\/uploads\/2025\/12\/wodociag_2023-1536x1248.png 1536w, http:\/\/razemdlabialoleki.waw.pl\/wp-content\/uploads\/2025\/12\/wodociag_2023.png 1600w\" sizes=\"auto, (max-width: 1024px) 100vw, 1024px\" \/><\/figure>\n\n\n\n<p><\/p>\n\n\n\n<h2 class=\"wp-block-heading has-text-align-left\">O\u015bwiata, biblioteki i sztuka na Bia\u0142o\u0142\u0119ce<\/h2>\n\n\n\n<figure class=\"wp-block-image size-large\"><img loading=\"lazy\" decoding=\"async\" width=\"1024\" height=\"1024\" src=\"https:\/\/razemdlabialoleki.waw.pl\/wp-content\/uploads\/2025\/12\/mapka_szkoly_bialoleka-1024x1024.png\" alt=\"\" class=\"wp-image-23277\" srcset=\"http:\/\/razemdlabialoleki.waw.pl\/wp-content\/uploads\/2025\/12\/mapka_szkoly_bialoleka-1024x1024.png 1024w, http:\/\/razemdlabialoleki.waw.pl\/wp-content\/uploads\/2025\/12\/mapka_szkoly_bialoleka-300x300.png 300w, http:\/\/razemdlabialoleki.waw.pl\/wp-content\/uploads\/2025\/12\/mapka_szkoly_bialoleka-150x150.png 150w, http:\/\/razemdlabialoleki.waw.pl\/wp-content\/uploads\/2025\/12\/mapka_szkoly_bialoleka-768x768.png 768w, http:\/\/razemdlabialoleki.waw.pl\/wp-content\/uploads\/2025\/12\/mapka_szkoly_bialoleka.png 1500w\" sizes=\"auto, (max-width: 1024px) 100vw, 1024px\" \/><\/figure>\n\n\n\n<figure class=\"wp-block-image size-large\"><img loading=\"lazy\" decoding=\"async\" width=\"1024\" height=\"737\" src=\"https:\/\/razemdlabialoleki.waw.pl\/wp-content\/uploads\/2025\/12\/biblioteki_2023-1024x737.png\" alt=\"\" class=\"wp-image-23285\" srcset=\"http:\/\/razemdlabialoleki.waw.pl\/wp-content\/uploads\/2025\/12\/biblioteki_2023-1024x737.png 1024w, http:\/\/razemdlabialoleki.waw.pl\/wp-content\/uploads\/2025\/12\/biblioteki_2023-300x216.png 300w, http:\/\/razemdlabialoleki.waw.pl\/wp-content\/uploads\/2025\/12\/biblioteki_2023-768x552.png 768w, http:\/\/razemdlabialoleki.waw.pl\/wp-content\/uploads\/2025\/12\/biblioteki_2023-1536x1105.png 1536w, http:\/\/razemdlabialoleki.waw.pl\/wp-content\/uploads\/2025\/12\/biblioteki_2023.png 1739w\" sizes=\"auto, (max-width: 1024px) 100vw, 1024px\" \/><\/figure>\n\n\n\n<figure class=\"wp-block-image size-full\"><img loading=\"lazy\" decoding=\"async\" width=\"1000\" height=\"839\" src=\"https:\/\/razemdlabialoleki.waw.pl\/wp-content\/uploads\/2025\/12\/mapa_murali_2025.png\" alt=\"\" class=\"wp-image-23286\" srcset=\"http:\/\/razemdlabialoleki.waw.pl\/wp-content\/uploads\/2025\/12\/mapa_murali_2025.png 1000w, http:\/\/razemdlabialoleki.waw.pl\/wp-content\/uploads\/2025\/12\/mapa_murali_2025-300x252.png 300w, http:\/\/razemdlabialoleki.waw.pl\/wp-content\/uploads\/2025\/12\/mapa_murali_2025-768x644.png 768w\" sizes=\"auto, (max-width: 1000px) 100vw, 1000px\" \/><\/figure>\n\n\n\n<p><\/p>\n\n\n\n<h2 class=\"wp-block-heading\">Parki, place zabaw i tereny rekreacyjne na Bia\u0142o\u0142\u0119ce<\/h2>\n\n\n\n<figure class=\"wp-block-image size-full\"><img loading=\"lazy\" decoding=\"async\" width=\"1000\" height=\"747\" src=\"https:\/\/razemdlabialoleki.waw.pl\/wp-content\/uploads\/2025\/12\/parki.png\" alt=\"\" class=\"wp-image-23270\" srcset=\"http:\/\/razemdlabialoleki.waw.pl\/wp-content\/uploads\/2025\/12\/parki.png 1000w, http:\/\/razemdlabialoleki.waw.pl\/wp-content\/uploads\/2025\/12\/parki-300x224.png 300w, http:\/\/razemdlabialoleki.waw.pl\/wp-content\/uploads\/2025\/12\/parki-768x574.png 768w\" sizes=\"auto, (max-width: 1000px) 100vw, 1000px\" \/><\/figure>\n\n\n\n<figure class=\"wp-block-image size-large\"><img loading=\"lazy\" decoding=\"async\" width=\"1024\" height=\"737\" src=\"https:\/\/razemdlabialoleki.waw.pl\/wp-content\/uploads\/2025\/12\/place_zabaw_2023-1024x737.png\" alt=\"\" class=\"wp-image-23271\" srcset=\"http:\/\/razemdlabialoleki.waw.pl\/wp-content\/uploads\/2025\/12\/place_zabaw_2023-1024x737.png 1024w, http:\/\/razemdlabialoleki.waw.pl\/wp-content\/uploads\/2025\/12\/place_zabaw_2023-300x216.png 300w, http:\/\/razemdlabialoleki.waw.pl\/wp-content\/uploads\/2025\/12\/place_zabaw_2023-768x552.png 768w, http:\/\/razemdlabialoleki.waw.pl\/wp-content\/uploads\/2025\/12\/place_zabaw_2023-1536x1105.png 1536w, http:\/\/razemdlabialoleki.waw.pl\/wp-content\/uploads\/2025\/12\/place_zabaw_2023.png 1739w\" sizes=\"auto, (max-width: 1024px) 100vw, 1024px\" \/><\/figure>\n\n\n\n<figure class=\"wp-block-image size-large\"><img loading=\"lazy\" decoding=\"async\" width=\"1024\" height=\"859\" src=\"https:\/\/razemdlabialoleki.waw.pl\/wp-content\/uploads\/2025\/12\/mapa_grillei_2025-1024x859.png\" alt=\"\" class=\"wp-image-23269\" srcset=\"http:\/\/razemdlabialoleki.waw.pl\/wp-content\/uploads\/2025\/12\/mapa_grillei_2025-1024x859.png 1024w, http:\/\/razemdlabialoleki.waw.pl\/wp-content\/uploads\/2025\/12\/mapa_grillei_2025-300x252.png 300w, http:\/\/razemdlabialoleki.waw.pl\/wp-content\/uploads\/2025\/12\/mapa_grillei_2025-768x644.png 768w, http:\/\/razemdlabialoleki.waw.pl\/wp-content\/uploads\/2025\/12\/mapa_grillei_2025.png 1500w\" sizes=\"auto, (max-width: 1024px) 100vw, 1024px\" \/><\/figure>\n\n\n\n<figure class=\"wp-block-image size-full\"><img loading=\"lazy\" decoding=\"async\" width=\"1000\" height=\"747\" src=\"https:\/\/razemdlabialoleki.waw.pl\/wp-content\/uploads\/2025\/12\/lasy1.png\" alt=\"\" class=\"wp-image-23268\" srcset=\"http:\/\/razemdlabialoleki.waw.pl\/wp-content\/uploads\/2025\/12\/lasy1.png 1000w, http:\/\/razemdlabialoleki.waw.pl\/wp-content\/uploads\/2025\/12\/lasy1-300x224.png 300w, http:\/\/razemdlabialoleki.waw.pl\/wp-content\/uploads\/2025\/12\/lasy1-768x574.png 768w\" sizes=\"auto, (max-width: 1000px) 100vw, 1000px\" \/><\/figure>\n\n\n\n<figure class=\"wp-block-image size-large\"><img loading=\"lazy\" decoding=\"async\" width=\"1024\" height=\"1024\" src=\"https:\/\/razemdlabialoleki.waw.pl\/wp-content\/uploads\/2025\/12\/mapka_ROD-1024x1024.png\" alt=\"\" class=\"wp-image-23278\" srcset=\"http:\/\/razemdlabialoleki.waw.pl\/wp-content\/uploads\/2025\/12\/mapka_ROD-1024x1024.png 1024w, http:\/\/razemdlabialoleki.waw.pl\/wp-content\/uploads\/2025\/12\/mapka_ROD-300x300.png 300w, http:\/\/razemdlabialoleki.waw.pl\/wp-content\/uploads\/2025\/12\/mapka_ROD-150x150.png 150w, http:\/\/razemdlabialoleki.waw.pl\/wp-content\/uploads\/2025\/12\/mapka_ROD-768x768.png 768w, http:\/\/razemdlabialoleki.waw.pl\/wp-content\/uploads\/2025\/12\/mapka_ROD-1536x1536.png 1536w, http:\/\/razemdlabialoleki.waw.pl\/wp-content\/uploads\/2025\/12\/mapka_ROD.png 1549w\" sizes=\"auto, (max-width: 1024px) 100vw, 1024px\" \/><\/figure>\n\n\n\n<p><\/p>\n\n\n\n<h2 class=\"wp-block-heading\">Ochrona przyrody i zabytk\u00f3w na Bia\u0142o\u0142\u0119ce<\/h2>\n\n\n\n<figure class=\"wp-block-image size-large\"><img loading=\"lazy\" decoding=\"async\" width=\"1024\" height=\"859\" src=\"https:\/\/razemdlabialoleki.waw.pl\/wp-content\/uploads\/2025\/12\/drzewa_111225-1024x859.png\" alt=\"\" class=\"wp-image-23283\" srcset=\"http:\/\/razemdlabialoleki.waw.pl\/wp-content\/uploads\/2025\/12\/drzewa_111225-1024x859.png 1024w, http:\/\/razemdlabialoleki.waw.pl\/wp-content\/uploads\/2025\/12\/drzewa_111225-300x252.png 300w, http:\/\/razemdlabialoleki.waw.pl\/wp-content\/uploads\/2025\/12\/drzewa_111225-768x644.png 768w, http:\/\/razemdlabialoleki.waw.pl\/wp-content\/uploads\/2025\/12\/drzewa_111225-1536x1288.png 1536w, http:\/\/razemdlabialoleki.waw.pl\/wp-content\/uploads\/2025\/12\/drzewa_111225.png 2000w\" sizes=\"auto, (max-width: 1024px) 100vw, 1024px\" \/><\/figure>\n\n\n\n<figure class=\"wp-block-image size-large\"><img loading=\"lazy\" decoding=\"async\" width=\"597\" height=\"1024\" src=\"https:\/\/razemdlabialoleki.waw.pl\/wp-content\/uploads\/2025\/12\/tabela_111225-597x1024.jpg\" alt=\"\" class=\"wp-image-23284\" srcset=\"http:\/\/razemdlabialoleki.waw.pl\/wp-content\/uploads\/2025\/12\/tabela_111225-597x1024.jpg 597w, http:\/\/razemdlabialoleki.waw.pl\/wp-content\/uploads\/2025\/12\/tabela_111225-175x300.jpg 175w, http:\/\/razemdlabialoleki.waw.pl\/wp-content\/uploads\/2025\/12\/tabela_111225-768x1317.jpg 768w, http:\/\/razemdlabialoleki.waw.pl\/wp-content\/uploads\/2025\/12\/tabela_111225-896x1536.jpg 896w, http:\/\/razemdlabialoleki.waw.pl\/wp-content\/uploads\/2025\/12\/tabela_111225-1195x2048.jpg 1195w, http:\/\/razemdlabialoleki.waw.pl\/wp-content\/uploads\/2025\/12\/tabela_111225-scaled.jpg 1493w\" sizes=\"auto, (max-width: 597px) 100vw, 597px\" \/><\/figure>\n\n\n\n<figure class=\"wp-block-image size-full\"><img loading=\"lazy\" decoding=\"async\" width=\"1000\" height=\"719\" src=\"https:\/\/razemdlabialoleki.waw.pl\/wp-content\/uploads\/2025\/12\/zabytki.png\" alt=\"\" class=\"wp-image-23280\" srcset=\"http:\/\/razemdlabialoleki.waw.pl\/wp-content\/uploads\/2025\/12\/zabytki.png 1000w, http:\/\/razemdlabialoleki.waw.pl\/wp-content\/uploads\/2025\/12\/zabytki-300x216.png 300w, http:\/\/razemdlabialoleki.waw.pl\/wp-content\/uploads\/2025\/12\/zabytki-768x552.png 768w\" sizes=\"auto, (max-width: 1000px) 100vw, 1000px\" \/><\/figure>\n\n\n\n<figure class=\"wp-block-image size-large\"><img loading=\"lazy\" decoding=\"async\" width=\"1024\" height=\"796\" src=\"https:\/\/razemdlabialoleki.waw.pl\/wp-content\/uploads\/2025\/12\/ewidencja1-1024x796.png\" alt=\"\" class=\"wp-image-23279\" srcset=\"http:\/\/razemdlabialoleki.waw.pl\/wp-content\/uploads\/2025\/12\/ewidencja1-1024x796.png 1024w, http:\/\/razemdlabialoleki.waw.pl\/wp-content\/uploads\/2025\/12\/ewidencja1-300x233.png 300w, http:\/\/razemdlabialoleki.waw.pl\/wp-content\/uploads\/2025\/12\/ewidencja1-768x597.png 768w, http:\/\/razemdlabialoleki.waw.pl\/wp-content\/uploads\/2025\/12\/ewidencja1.png 1100w\" sizes=\"auto, (max-width: 1024px) 100vw, 1024px\" \/><\/figure>\n\n\n\n<figure class=\"wp-block-image size-large\"><img loading=\"lazy\" decoding=\"async\" width=\"1024\" height=\"796\" src=\"https:\/\/razemdlabialoleki.waw.pl\/wp-content\/uploads\/2025\/12\/ewidencja21-1024x796.png\" alt=\"\" class=\"wp-image-23281\" srcset=\"http:\/\/razemdlabialoleki.waw.pl\/wp-content\/uploads\/2025\/12\/ewidencja21-1024x796.png 1024w, http:\/\/razemdlabialoleki.waw.pl\/wp-content\/uploads\/2025\/12\/ewidencja21-300x233.png 300w, http:\/\/razemdlabialoleki.waw.pl\/wp-content\/uploads\/2025\/12\/ewidencja21-768x597.png 768w, http:\/\/razemdlabialoleki.waw.pl\/wp-content\/uploads\/2025\/12\/ewidencja21.png 1100w\" sizes=\"auto, (max-width: 1024px) 100vw, 1024px\" \/><\/figure>\n\n\n\n<figure class=\"wp-block-image size-large\"><img loading=\"lazy\" decoding=\"async\" width=\"1024\" height=\"1024\" src=\"https:\/\/razemdlabialoleki.waw.pl\/wp-content\/uploads\/2025\/12\/mapka_cmentarze_ewangelickie-1024x1024.png\" alt=\"\" class=\"wp-image-23282\" srcset=\"http:\/\/razemdlabialoleki.waw.pl\/wp-content\/uploads\/2025\/12\/mapka_cmentarze_ewangelickie-1024x1024.png 1024w, http:\/\/razemdlabialoleki.waw.pl\/wp-content\/uploads\/2025\/12\/mapka_cmentarze_ewangelickie-300x300.png 300w, http:\/\/razemdlabialoleki.waw.pl\/wp-content\/uploads\/2025\/12\/mapka_cmentarze_ewangelickie-150x150.png 150w, http:\/\/razemdlabialoleki.waw.pl\/wp-content\/uploads\/2025\/12\/mapka_cmentarze_ewangelickie-768x768.png 768w, http:\/\/razemdlabialoleki.waw.pl\/wp-content\/uploads\/2025\/12\/mapka_cmentarze_ewangelickie-1536x1536.png 1536w, http:\/\/razemdlabialoleki.waw.pl\/wp-content\/uploads\/2025\/12\/mapka_cmentarze_ewangelickie.png 1549w\" sizes=\"auto, (max-width: 1024px) 100vw, 1024px\" \/><\/figure>\n","protected":false},"excerpt":{"rendered":"<p>Bia\u0142o\u0142\u0119ka to jedna z najwi\u0119kszych dzielnic Warszawy. Prezentujemy informacje i dane o naszej dzielnicy: Komunikacja i infrastruktura na Bia\u0142o\u0142\u0119ce O\u015bwiata, biblioteki i sztuka na Bia\u0142o\u0142\u0119ce Parki, place zabaw i tereny rekreacyjne na Bia\u0142o\u0142\u0119ce Ochrona przyrody i zabytk\u00f3w na Bia\u0142o\u0142\u0119ce<\/p>\n","protected":false},"author":3,"featured_media":0,"parent":0,"menu_order":0,"comment_status":"closed","ping_status":"closed","template":"","meta":{"ngg_post_thumbnail":0,"footnotes":""},"class_list":["post-11236","page","type-page","status-publish","hentry"],"_links":{"self":[{"href":"http:\/\/razemdlabialoleki.waw.pl\/index.php?rest_route=\/wp\/v2\/pages\/11236","targetHints":{"allow":["GET"]}}],"collection":[{"href":"http:\/\/razemdlabialoleki.waw.pl\/index.php?rest_route=\/wp\/v2\/pages"}],"about":[{"href":"http:\/\/razemdlabialoleki.waw.pl\/index.php?rest_route=\/wp\/v2\/types\/page"}],"author":[{"embeddable":true,"href":"http:\/\/razemdlabialoleki.waw.pl\/index.php?rest_route=\/wp\/v2\/users\/3"}],"replies":[{"embeddable":true,"href":"http:\/\/razemdlabialoleki.waw.pl\/index.php?rest_route=%2Fwp%2Fv2%2Fcomments&post=11236"}],"version-history":[{"count":23,"href":"http:\/\/razemdlabialoleki.waw.pl\/index.php?rest_route=\/wp\/v2\/pages\/11236\/revisions"}],"predecessor-version":[{"id":23351,"href":"http:\/\/razemdlabialoleki.waw.pl\/index.php?rest_route=\/wp\/v2\/pages\/11236\/revisions\/23351"}],"wp:attachment":[{"href":"http:\/\/razemdlabialoleki.waw.pl\/index.php?rest_route=%2Fwp%2Fv2%2Fmedia&parent=11236"}],"curies":[{"name":"wp","href":"https:\/\/api.w.org\/{rel}","templated":true}]}}